{"id":1967,"date":"2018-05-09T10:19:54","date_gmt":"2018-05-09T08:19:54","guid":{"rendered":"http:\/\/wild-palms.com\/es\/?page_id=1967"},"modified":"2021-05-22T15:25:31","modified_gmt":"2021-05-22T13:25:31","slug":"babel-manana-fue-otro-dia","status":"publish","type":"page","link":"https:\/\/wild-palms.com\/es\/babel-manana-fue-otro-dia\/","title":{"rendered":"BABEL: MANA\u00d1A FUE OTRO DIA"},"content":{"rendered":"\n<h3 class=\"wp-block-heading\">BABEL: MA\u00d1ANA FUE OTRO D\u00cdA<\/h3>\n\n\n\n<div style=\"height:20px\" aria-hidden=\"true\" class=\"wp-block-spacer\"><\/div>\n\n\n\n<div class=\"wp-block-columns is-layout-flex wp-container-core-columns-is-layout-9d6595d7 wp-block-columns-is-layout-flex\">\n<div class=\"wp-block-column is-layout-flow wp-block-column-is-layout-flow\">\n<figure class=\"wp-block-image size-large\"><a href=\"https:\/\/wild-palms.com\/es\/wp-content\/uploads\/sites\/3\/2018\/05\/Especulaciones-III.jpg\" data-rel=\"lightbox-image-0\" data-rl_title=\"\" data-rl_caption=\"\" title=\"\"><img loading=\"lazy\" decoding=\"async\" width=\"1024\" height=\"771\" src=\"https:\/\/wild-palms.com\/es\/wp-content\/uploads\/sites\/3\/2018\/05\/Especulaciones-III-1024x771.jpg\" alt=\"collage Especulaciones III, Anibal Catalan\" class=\"wp-image-1968\" srcset=\"https:\/\/wild-palms.com\/es\/wp-content\/uploads\/sites\/3\/2018\/05\/Especulaciones-III-1024x771.jpg 1024w, https:\/\/wild-palms.com\/es\/wp-content\/uploads\/sites\/3\/2018\/05\/Especulaciones-III-300x226.jpg 300w, https:\/\/wild-palms.com\/es\/wp-content\/uploads\/sites\/3\/2018\/05\/Especulaciones-III-768x578.jpg 768w, https:\/\/wild-palms.com\/es\/wp-content\/uploads\/sites\/3\/2018\/05\/Especulaciones-III-750x565.jpg 750w, https:\/\/wild-palms.com\/es\/wp-content\/uploads\/sites\/3\/2018\/05\/Especulaciones-III-400x301.jpg 400w, https:\/\/wild-palms.com\/es\/wp-content\/uploads\/sites\/3\/2018\/05\/Especulaciones-III-430x324.jpg 430w, https:\/\/wild-palms.com\/es\/wp-content\/uploads\/sites\/3\/2018\/05\/Especulaciones-III-150x113.jpg 150w, https:\/\/wild-palms.com\/es\/wp-content\/uploads\/sites\/3\/2018\/05\/Especulaciones-III-100x75.jpg 100w, https:\/\/wild-palms.com\/es\/wp-content\/uploads\/sites\/3\/2018\/05\/Especulaciones-III.jpg 1181w\" sizes=\"auto, (max-width: 1024px) 100vw, 1024px\" \/><\/a><figcaption>Especulaciones III, Anibal Catalan<\/figcaption><\/figure>\n<\/div>\n\n\n\n<div class=\"wp-block-column is-layout-flow wp-block-column-is-layout-flow\">\n<p>&#8220;Babel: Morgen war ein anderer Tag&#8221;<\/p>\n\n\n\n<p><a href=\"http:\/\/wild-palms.com\/es\/anibal-catalan\/\">ANIBAL CATALAN<\/a><\/p>\n\n\n\n<p>opening: June 7th 2018, 7pm<\/p>\n\n\n\n<p>EIKON Schaufenster<\/p>\n\n\n\n<p>Q21 at MuseumsQuartier Wien \/ Schaur\u00e4ume<\/p>\n\n\n\n<p>Museumsplatz 1, 1070 Vienna<\/p>\n<\/div>\n<\/div>\n\n\n\n<div style=\"height:20px\" aria-hidden=\"true\" class=\"wp-block-spacer\"><\/div>\n\n\n<p style=\"text-align: center;\"><span style=\"font-family: avenir-next-regular; color: #000000;\"><span style=\"font-size: 14pt;\">@ wildpalms<\/span> <\/span><\/p>\n<p style=\"text-align: center;\"><span style=\"font-family: avenir-next-regular; color: #000000; font-size: 14pt;\">x<\/span><\/p>\n<p style=\"text-align: center;\"><a href=\"http:\/\/www.eikon.at\/content\/en\/news_schaufenster.php\" target=\"_blank\" rel=\"noopener noreferrer\"><img loading=\"lazy\" decoding=\"async\" class=\"aligncenter wp-image-1970 size-full\" src=\"http:\/\/wild-palms.com\/es\/wp-content\/uploads\/sites\/3\/2018\/05\/EIKON_Schaufenster_1c_klein.jpg\" alt=\"EIKON SCHAUFENSTER\" width=\"450\" height=\"166\" srcset=\"https:\/\/wild-palms.com\/es\/wp-content\/uploads\/sites\/3\/2018\/05\/EIKON_Schaufenster_1c_klein.jpg 450w, https:\/\/wild-palms.com\/es\/wp-content\/uploads\/sites\/3\/2018\/05\/EIKON_Schaufenster_1c_klein-300x111.jpg 300w, https:\/\/wild-palms.com\/es\/wp-content\/uploads\/sites\/3\/2018\/05\/EIKON_Schaufenster_1c_klein-400x148.jpg 400w, https:\/\/wild-palms.com\/es\/wp-content\/uploads\/sites\/3\/2018\/05\/EIKON_Schaufenster_1c_klein-430x159.jpg 430w, https:\/\/wild-palms.com\/es\/wp-content\/uploads\/sites\/3\/2018\/05\/EIKON_Schaufenster_1c_klein-150x55.jpg 150w, https:\/\/wild-palms.com\/es\/wp-content\/uploads\/sites\/3\/2018\/05\/EIKON_Schaufenster_1c_klein-100x37.jpg 100w\" sizes=\"auto, (max-width: 450px) 100vw, 450px\" \/><\/a><\/p>\n<p style=\"text-align: center;\">\u00a0<\/p>\n<p><span style=\"font-family: avenir-next-regular;\">Anibal Catalan\u2019s installation for EIKON Schaufenster \u201c Babel: Tomorrow was another day&#8221; suggests a cynical assessment of the modernist project. Trained as an architect and visual artist, Catalan revisited through his body of work the failures, utopias, and heterotopias of modernism.<\/span><\/p>\n<p><span style=\"font-family: avenir-next-regular;\">The title refers to Babel, built at the same time it was destroyed. She embodies the promise of a \u201ctomorrow\u201d that never will come.<\/span><\/p>\n<p><span style=\"font-family: avenir-next-regular;\">Central point of the installation is a wall painting, that unifies ideas and concepts related to the use of architectonic space and land . By the use of video, collages and improvised objects, the window space rescues and draws out formal ideas from the avantgard movements, and puts them in to our actual and future context.<\/span><\/p>\n<p>\u00a0<\/p>\n<p><span style=\"font-family: avenir-next-regular;\"><strong>Anibal Catalan<\/strong> (*1973) lives and works in Mexico City. He belongs to the new generation of Mexican artists that have been working with the relationship between architecture and arts.<\/span><\/p>\n<p><span style=\"font-family: avenir-next-regular;\">MFA at National School La Esmeralda, Mexico City and BFA at the School of Architecture. Universidad Anahuac, Mexico City. Selected Individual exhibitions: Yautepec,\u00a0Mexico (2017); Eitoeiko Gallery, Tokyo (2017); Space CAN, Seoul (2011); JAUS, Los Angeles (2010); Selected Institutional solo exhibitions: Museo de la Ciudad de Queretaro, (2015); Boulder Museum of Contemporary Art BMoCA. Boulder, USA (2015). Brasilea Kulturhaus. Basel. Switzerland (2006).<\/span><\/p>\n<p><span style=\"font-family: avenir-next-regular;\">Group shows: MoLAA, Museum of Latin American Art, LA (2018); Coleccion MARCO Monterrey, Mex (2017); XVI Painting Biennial Rufino Tamayo. (2014); wildpalms at Untitled Miami (2016); Catalan has been recipient of the Pollock-Krasner Foundation Grant Award; National Fellowship-Grant, Sistema Nacional de Creadores, FONCA-CONACULTA; Permanent Comission Project for Denver International Airport, Denver, USA (2016). His work is been part of private and institutional collections Museum of Latin American Art (MoLAA), LA, USA; Museo de Arte Contemporaneo de Monterrey (MARCO), MEX;\u00a0 Museo de Arte Moderno Mexico (MAM), MEX; Friedrich Ebert Foundation (FES), Berlin, GER; CAN Foundation, Seoul, KOR. Screenings: Centre Pompidou, Museo Nacional Reina Sofia &amp; Haus der Kulturen der Welt (HKW) (2009-2010);<br \/>Festival Miden, Kalamata Greece (2009); 3rd Istanbul Design Biennial (2016).<br \/><\/span><\/p>\n<p><img loading=\"lazy\" decoding=\"async\" class=\"aligncenter size-full wp-image-2023\" src=\"http:\/\/wild-palms.com\/es\/wp-content\/uploads\/sites\/3\/2018\/05\/IMG_2402.jpg\" alt=\"\" width=\"1080\" height=\"809\" \/><\/p>\n<p><img loading=\"lazy\" decoding=\"async\" class=\"aligncenter size-full wp-image-2027\" src=\"http:\/\/wild-palms.com\/es\/wp-content\/uploads\/sites\/3\/2018\/05\/IMG_2403.jpg\" alt=\"\" width=\"1080\" height=\"809\" \/><\/p>\n<p><img loading=\"lazy\" decoding=\"async\" class=\"aligncenter size-full wp-image-2024\" src=\"http:\/\/wild-palms.com\/es\/wp-content\/uploads\/sites\/3\/2018\/05\/35142502_1790597197650911_4530820193789673472_n.jpg\" alt=\"\" width=\"800\" height=\"533\" srcset=\"https:\/\/wild-palms.com\/es\/wp-content\/uploads\/sites\/3\/2018\/05\/35142502_1790597197650911_4530820193789673472_n.jpg 800w, https:\/\/wild-palms.com\/es\/wp-content\/uploads\/sites\/3\/2018\/05\/35142502_1790597197650911_4530820193789673472_n-300x200.jpg 300w, https:\/\/wild-palms.com\/es\/wp-content\/uploads\/sites\/3\/2018\/05\/35142502_1790597197650911_4530820193789673472_n-768x512.jpg 768w, https:\/\/wild-palms.com\/es\/wp-content\/uploads\/sites\/3\/2018\/05\/35142502_1790597197650911_4530820193789673472_n-750x500.jpg 750w, https:\/\/wild-palms.com\/es\/wp-content\/uploads\/sites\/3\/2018\/05\/35142502_1790597197650911_4530820193789673472_n-400x267.jpg 400w, https:\/\/wild-palms.com\/es\/wp-content\/uploads\/sites\/3\/2018\/05\/35142502_1790597197650911_4530820193789673472_n-430x286.jpg 430w, https:\/\/wild-palms.com\/es\/wp-content\/uploads\/sites\/3\/2018\/05\/35142502_1790597197650911_4530820193789673472_n-150x100.jpg 150w, https:\/\/wild-palms.com\/es\/wp-content\/uploads\/sites\/3\/2018\/05\/35142502_1790597197650911_4530820193789673472_n-100x67.jpg 100w, https:\/\/wild-palms.com\/es\/wp-content\/uploads\/sites\/3\/2018\/05\/35142502_1790597197650911_4530820193789673472_n-272x182.jpg 272w\" sizes=\"auto, (max-width: 800px) 100vw, 800px\" \/><\/p>\n<p><img loading=\"lazy\" decoding=\"async\" class=\"aligncenter size-full wp-image-2025\" src=\"http:\/\/wild-palms.com\/es\/wp-content\/uploads\/sites\/3\/2018\/05\/35190869_1790597227650908_5419429187662381056_n.jpg\" alt=\"\" width=\"800\" height=\"533\" srcset=\"https:\/\/wild-palms.com\/es\/wp-content\/uploads\/sites\/3\/2018\/05\/35190869_1790597227650908_5419429187662381056_n.jpg 800w, https:\/\/wild-palms.com\/es\/wp-content\/uploads\/sites\/3\/2018\/05\/35190869_1790597227650908_5419429187662381056_n-300x200.jpg 300w, https:\/\/wild-palms.com\/es\/wp-content\/uploads\/sites\/3\/2018\/05\/35190869_1790597227650908_5419429187662381056_n-768x512.jpg 768w, https:\/\/wild-palms.com\/es\/wp-content\/uploads\/sites\/3\/2018\/05\/35190869_1790597227650908_5419429187662381056_n-750x500.jpg 750w, https:\/\/wild-palms.com\/es\/wp-content\/uploads\/sites\/3\/2018\/05\/35190869_1790597227650908_5419429187662381056_n-400x267.jpg 400w, https:\/\/wild-palms.com\/es\/wp-content\/uploads\/sites\/3\/2018\/05\/35190869_1790597227650908_5419429187662381056_n-430x286.jpg 430w, https:\/\/wild-palms.com\/es\/wp-content\/uploads\/sites\/3\/2018\/05\/35190869_1790597227650908_5419429187662381056_n-150x100.jpg 150w, https:\/\/wild-palms.com\/es\/wp-content\/uploads\/sites\/3\/2018\/05\/35190869_1790597227650908_5419429187662381056_n-100x67.jpg 100w, https:\/\/wild-palms.com\/es\/wp-content\/uploads\/sites\/3\/2018\/05\/35190869_1790597227650908_5419429187662381056_n-272x182.jpg 272w\" sizes=\"auto, (max-width: 800px) 100vw, 800px\" \/><\/p>\n<p><img loading=\"lazy\" decoding=\"async\" class=\"aligncenter size-full wp-image-2026\" src=\"http:\/\/wild-palms.com\/es\/wp-content\/uploads\/sites\/3\/2018\/05\/35076664_1790597317650899_7002201236980105216_n.jpg\" alt=\"\" width=\"800\" height=\"533\" srcset=\"https:\/\/wild-palms.com\/es\/wp-content\/uploads\/sites\/3\/2018\/05\/35076664_1790597317650899_7002201236980105216_n.jpg 800w, https:\/\/wild-palms.com\/es\/wp-content\/uploads\/sites\/3\/2018\/05\/35076664_1790597317650899_7002201236980105216_n-300x200.jpg 300w, https:\/\/wild-palms.com\/es\/wp-content\/uploads\/sites\/3\/2018\/05\/35076664_1790597317650899_7002201236980105216_n-768x512.jpg 768w, https:\/\/wild-palms.com\/es\/wp-content\/uploads\/sites\/3\/2018\/05\/35076664_1790597317650899_7002201236980105216_n-750x500.jpg 750w, https:\/\/wild-palms.com\/es\/wp-content\/uploads\/sites\/3\/2018\/05\/35076664_1790597317650899_7002201236980105216_n-400x267.jpg 400w, https:\/\/wild-palms.com\/es\/wp-content\/uploads\/sites\/3\/2018\/05\/35076664_1790597317650899_7002201236980105216_n-430x286.jpg 430w, https:\/\/wild-palms.com\/es\/wp-content\/uploads\/sites\/3\/2018\/05\/35076664_1790597317650899_7002201236980105216_n-150x100.jpg 150w, https:\/\/wild-palms.com\/es\/wp-content\/uploads\/sites\/3\/2018\/05\/35076664_1790597317650899_7002201236980105216_n-100x67.jpg 100w, https:\/\/wild-palms.com\/es\/wp-content\/uploads\/sites\/3\/2018\/05\/35076664_1790597317650899_7002201236980105216_n-272x182.jpg 272w\" sizes=\"auto, (max-width: 800px) 100vw, 800px\" \/><\/p>","protected":false},"excerpt":{"rendered":"<p>BABEL: MA\u00d1ANA FUE OTRO D\u00cdA &#8220;Babel: Morgen war ein anderer Tag&#8221; ANIBAL CATALAN opening: June 7th 2018, 7pm EIKON Schaufenster Q21 at MuseumsQuartier Wien \/ Schaur\u00e4ume Museumsplatz 1, 1070 Vienna @ wildpalms x \u00a0 Anibal Catalan\u2019s installation for EIKON Schaufenster \u201c Babel: Tomorrow was another day&#8221; suggests a cynical assessment of the modernist project. Trained [&hellip;]<\/p>\n","protected":false},"author":1,"featured_media":0,"parent":0,"menu_order":0,"comment_status":"closed","ping_status":"closed","template":"page_fullwidth.php","meta":{"_coblocks_attr":"","_coblocks_dimensions":"","_coblocks_responsive_height":"","_coblocks_accordion_ie_support":"","hide_page_title":"","footnotes":""},"class_list":["post-1967","page","type-page","status-publish","hentry"],"yoast_head":"<!-- This site is optimized with the Yoast SEO plugin v27.4 - https:\/\/yoast.com\/product\/yoast-seo-wordpress\/ -->\n<title>BABEL: MANA\u00d1A FUE OTRO DIA | ANIBAL CATALAN | wildpalms ES<\/title>\n<meta name=\"description\" content=\"Babel, Ma\u00f1ana fue otro d\u00eda. Anibal Catal\u00e1n, curated by wildpalms for Eikon Magazine in Museums Quartier Vienna.\" \/>\n<meta name=\"robots\" content=\"index, follow, max-snippet:-1, max-image-preview:large, max-video-preview:-1\" \/>\n<link rel=\"canonical\" href=\"https:\/\/wild-palms.com\/es\/babel-manana-fue-otro-dia\/\" \/>\n<meta property=\"og:locale\" content=\"es_ES\" \/>\n<meta property=\"og:type\" content=\"article\" \/>\n<meta property=\"og:title\" content=\"BABEL: MANA\u00d1A FUE OTRO DIA | ANIBAL CATALAN | wildpalms ES\" \/>\n<meta property=\"og:description\" content=\"Babel, Ma\u00f1ana fue otro d\u00eda. Anibal Catal\u00e1n, curated by wildpalms for Eikon Magazine in Museums Quartier Vienna.\" \/>\n<meta property=\"og:url\" content=\"https:\/\/wild-palms.com\/es\/babel-manana-fue-otro-dia\/\" \/>\n<meta property=\"og:site_name\" content=\"wildpalms ES\" \/>\n<meta property=\"article:modified_time\" content=\"2021-05-22T13:25:31+00:00\" \/>\n<meta property=\"og:image\" content=\"https:\/\/wild-palms.com\/es\/wp-content\/uploads\/sites\/3\/2018\/05\/Especulaciones-III-1024x771.jpg\" \/>\n<meta name=\"twitter:card\" content=\"summary_large_image\" \/>\n<meta name=\"twitter:label1\" content=\"Est. reading time\" \/>\n\t<meta name=\"twitter:data1\" content=\"4 minutes\" \/>\n<script type=\"application\/ld+json\" class=\"yoast-schema-graph\">{\"@context\":\"https:\\\/\\\/schema.org\",\"@graph\":[{\"@type\":\"WebPage\",\"@id\":\"https:\\\/\\\/wild-palms.com\\\/es\\\/babel-manana-fue-otro-dia\\\/\",\"url\":\"https:\\\/\\\/wild-palms.com\\\/es\\\/babel-manana-fue-otro-dia\\\/\",\"name\":\"BABEL: MANA\u00d1A FUE OTRO DIA | ANIBAL CATALAN | wildpalms ES\",\"isPartOf\":{\"@id\":\"https:\\\/\\\/wild-palms.com\\\/es\\\/#website\"},\"primaryImageOfPage\":{\"@id\":\"https:\\\/\\\/wild-palms.com\\\/es\\\/babel-manana-fue-otro-dia\\\/#primaryimage\"},\"image\":{\"@id\":\"https:\\\/\\\/wild-palms.com\\\/es\\\/babel-manana-fue-otro-dia\\\/#primaryimage\"},\"thumbnailUrl\":\"https:\\\/\\\/wild-palms.com\\\/es\\\/wp-content\\\/uploads\\\/sites\\\/3\\\/2018\\\/05\\\/Especulaciones-III-1024x771.jpg\",\"datePublished\":\"2018-05-09T08:19:54+00:00\",\"dateModified\":\"2021-05-22T13:25:31+00:00\",\"description\":\"Babel, Ma\u00f1ana fue otro d\u00eda. Anibal Catal\u00e1n, curated by wildpalms for Eikon Magazine in Museums Quartier Vienna.\",\"breadcrumb\":{\"@id\":\"https:\\\/\\\/wild-palms.com\\\/es\\\/babel-manana-fue-otro-dia\\\/#breadcrumb\"},\"inLanguage\":\"es\",\"potentialAction\":[{\"@type\":\"ReadAction\",\"target\":[\"https:\\\/\\\/wild-palms.com\\\/es\\\/babel-manana-fue-otro-dia\\\/\"]}]},{\"@type\":\"ImageObject\",\"inLanguage\":\"es\",\"@id\":\"https:\\\/\\\/wild-palms.com\\\/es\\\/babel-manana-fue-otro-dia\\\/#primaryimage\",\"url\":\"https:\\\/\\\/wild-palms.com\\\/es\\\/wp-content\\\/uploads\\\/sites\\\/3\\\/2018\\\/05\\\/Especulaciones-III-1024x771.jpg\",\"contentUrl\":\"https:\\\/\\\/wild-palms.com\\\/es\\\/wp-content\\\/uploads\\\/sites\\\/3\\\/2018\\\/05\\\/Especulaciones-III-1024x771.jpg\"},{\"@type\":\"BreadcrumbList\",\"@id\":\"https:\\\/\\\/wild-palms.com\\\/es\\\/babel-manana-fue-otro-dia\\\/#breadcrumb\",\"itemListElement\":[{\"@type\":\"ListItem\",\"position\":1,\"name\":\"Home\",\"item\":\"https:\\\/\\\/wild-palms.com\\\/es\\\/\"},{\"@type\":\"ListItem\",\"position\":2,\"name\":\"BABEL: MANA\u00d1A FUE OTRO DIA\"}]},{\"@type\":\"WebSite\",\"@id\":\"https:\\\/\\\/wild-palms.com\\\/es\\\/#website\",\"url\":\"https:\\\/\\\/wild-palms.com\\\/es\\\/\",\"name\":\"wildpalms ES\",\"description\":\"\",\"publisher\":{\"@id\":\"https:\\\/\\\/wild-palms.com\\\/es\\\/#organization\"},\"potentialAction\":[{\"@type\":\"SearchAction\",\"target\":{\"@type\":\"EntryPoint\",\"urlTemplate\":\"https:\\\/\\\/wild-palms.com\\\/es\\\/?s={search_term_string}\"},\"query-input\":{\"@type\":\"PropertyValueSpecification\",\"valueRequired\":true,\"valueName\":\"search_term_string\"}}],\"inLanguage\":\"es\"},{\"@type\":\"Organization\",\"@id\":\"https:\\\/\\\/wild-palms.com\\\/es\\\/#organization\",\"name\":\"wildpalms ES\",\"url\":\"https:\\\/\\\/wild-palms.com\\\/es\\\/\",\"logo\":{\"@type\":\"ImageObject\",\"inLanguage\":\"es\",\"@id\":\"https:\\\/\\\/wild-palms.com\\\/es\\\/#\\\/schema\\\/logo\\\/image\\\/\",\"url\":\"https:\\\/\\\/wild-palms.com\\\/es\\\/wp-content\\\/uploads\\\/sites\\\/3\\\/2026\\\/04\\\/wp-4-copy-scaled.jpg\",\"contentUrl\":\"https:\\\/\\\/wild-palms.com\\\/es\\\/wp-content\\\/uploads\\\/sites\\\/3\\\/2026\\\/04\\\/wp-4-copy-scaled.jpg\",\"width\":2560,\"height\":420,\"caption\":\"wildpalms ES\"},\"image\":{\"@id\":\"https:\\\/\\\/wild-palms.com\\\/es\\\/#\\\/schema\\\/logo\\\/image\\\/\"}}]}<\/script>\n<!-- \/ Yoast SEO plugin. -->","yoast_head_json":{"title":"BABEL: MANA\u00d1A FUE OTRO DIA | ANIBAL CATALAN | wildpalms ES","description":"Babel, Ma\u00f1ana fue otro d\u00eda. Anibal Catal\u00e1n, curated by wildpalms for Eikon Magazine in Museums Quartier Vienna.","robots":{"index":"index","follow":"follow","max-snippet":"max-snippet:-1","max-image-preview":"max-image-preview:large","max-video-preview":"max-video-preview:-1"},"canonical":"https:\/\/wild-palms.com\/es\/babel-manana-fue-otro-dia\/","og_locale":"es_ES","og_type":"article","og_title":"BABEL: MANA\u00d1A FUE OTRO DIA | ANIBAL CATALAN | wildpalms ES","og_description":"Babel, Ma\u00f1ana fue otro d\u00eda. Anibal Catal\u00e1n, curated by wildpalms for Eikon Magazine in Museums Quartier Vienna.","og_url":"https:\/\/wild-palms.com\/es\/babel-manana-fue-otro-dia\/","og_site_name":"wildpalms ES","article_modified_time":"2021-05-22T13:25:31+00:00","og_image":[{"url":"https:\/\/wild-palms.com\/es\/wp-content\/uploads\/sites\/3\/2018\/05\/Especulaciones-III-1024x771.jpg","type":"","width":"","height":""}],"twitter_card":"summary_large_image","twitter_misc":{"Est. reading time":"4 minutes"},"schema":{"@context":"https:\/\/schema.org","@graph":[{"@type":"WebPage","@id":"https:\/\/wild-palms.com\/es\/babel-manana-fue-otro-dia\/","url":"https:\/\/wild-palms.com\/es\/babel-manana-fue-otro-dia\/","name":"BABEL: MANA\u00d1A FUE OTRO DIA | ANIBAL CATALAN | wildpalms ES","isPartOf":{"@id":"https:\/\/wild-palms.com\/es\/#website"},"primaryImageOfPage":{"@id":"https:\/\/wild-palms.com\/es\/babel-manana-fue-otro-dia\/#primaryimage"},"image":{"@id":"https:\/\/wild-palms.com\/es\/babel-manana-fue-otro-dia\/#primaryimage"},"thumbnailUrl":"https:\/\/wild-palms.com\/es\/wp-content\/uploads\/sites\/3\/2018\/05\/Especulaciones-III-1024x771.jpg","datePublished":"2018-05-09T08:19:54+00:00","dateModified":"2021-05-22T13:25:31+00:00","description":"Babel, Ma\u00f1ana fue otro d\u00eda. Anibal Catal\u00e1n, curated by wildpalms for Eikon Magazine in Museums Quartier Vienna.","breadcrumb":{"@id":"https:\/\/wild-palms.com\/es\/babel-manana-fue-otro-dia\/#breadcrumb"},"inLanguage":"es","potentialAction":[{"@type":"ReadAction","target":["https:\/\/wild-palms.com\/es\/babel-manana-fue-otro-dia\/"]}]},{"@type":"ImageObject","inLanguage":"es","@id":"https:\/\/wild-palms.com\/es\/babel-manana-fue-otro-dia\/#primaryimage","url":"https:\/\/wild-palms.com\/es\/wp-content\/uploads\/sites\/3\/2018\/05\/Especulaciones-III-1024x771.jpg","contentUrl":"https:\/\/wild-palms.com\/es\/wp-content\/uploads\/sites\/3\/2018\/05\/Especulaciones-III-1024x771.jpg"},{"@type":"BreadcrumbList","@id":"https:\/\/wild-palms.com\/es\/babel-manana-fue-otro-dia\/#breadcrumb","itemListElement":[{"@type":"ListItem","position":1,"name":"Home","item":"https:\/\/wild-palms.com\/es\/"},{"@type":"ListItem","position":2,"name":"BABEL: MANA\u00d1A FUE OTRO DIA"}]},{"@type":"WebSite","@id":"https:\/\/wild-palms.com\/es\/#website","url":"https:\/\/wild-palms.com\/es\/","name":"wildpalms ES","description":"","publisher":{"@id":"https:\/\/wild-palms.com\/es\/#organization"},"potentialAction":[{"@type":"SearchAction","target":{"@type":"EntryPoint","urlTemplate":"https:\/\/wild-palms.com\/es\/?s={search_term_string}"},"query-input":{"@type":"PropertyValueSpecification","valueRequired":true,"valueName":"search_term_string"}}],"inLanguage":"es"},{"@type":"Organization","@id":"https:\/\/wild-palms.com\/es\/#organization","name":"wildpalms ES","url":"https:\/\/wild-palms.com\/es\/","logo":{"@type":"ImageObject","inLanguage":"es","@id":"https:\/\/wild-palms.com\/es\/#\/schema\/logo\/image\/","url":"https:\/\/wild-palms.com\/es\/wp-content\/uploads\/sites\/3\/2026\/04\/wp-4-copy-scaled.jpg","contentUrl":"https:\/\/wild-palms.com\/es\/wp-content\/uploads\/sites\/3\/2026\/04\/wp-4-copy-scaled.jpg","width":2560,"height":420,"caption":"wildpalms ES"},"image":{"@id":"https:\/\/wild-palms.com\/es\/#\/schema\/logo\/image\/"}}]}},"_links":{"self":[{"href":"https:\/\/wild-palms.com\/es\/wp-json\/wp\/v2\/pages\/1967","targetHints":{"allow":["GET"]}}],"collection":[{"href":"https:\/\/wild-palms.com\/es\/wp-json\/wp\/v2\/pages"}],"about":[{"href":"https:\/\/wild-palms.com\/es\/wp-json\/wp\/v2\/types\/page"}],"author":[{"embeddable":true,"href":"https:\/\/wild-palms.com\/es\/wp-json\/wp\/v2\/users\/1"}],"replies":[{"embeddable":true,"href":"https:\/\/wild-palms.com\/es\/wp-json\/wp\/v2\/comments?post=1967"}],"version-history":[{"count":0,"href":"https:\/\/wild-palms.com\/es\/wp-json\/wp\/v2\/pages\/1967\/revisions"}],"wp:attachment":[{"href":"https:\/\/wild-palms.com\/es\/wp-json\/wp\/v2\/media?parent=1967"}],"curies":[{"name":"wp","href":"https:\/\/api.w.org\/{rel}","templated":true}]}}