{"id":10406,"date":"2026-04-27T23:39:44","date_gmt":"2026-04-27T21:39:44","guid":{"rendered":"https:\/\/wild-palms.com\/es\/?page_id=10406"},"modified":"2026-04-27T23:47:23","modified_gmt":"2026-04-27T21:47:23","slug":"something-in-the-water","status":"publish","type":"page","link":"https:\/\/wild-palms.com\/es\/something-in-the-water\/","title":{"rendered":"Something In the Water"},"content":{"rendered":"\n<div class=\"wp-block-group alignwide wp-exhibition\"><div class=\"wp-block-group__inner-container is-layout-constrained wp-block-group-is-layout-constrained\">\n\n\n<div class=\"wp-block-group wp-exhibition-title\"><div class=\"wp-block-group__inner-container is-layout-constrained wp-block-group-is-layout-constrained\">\n\n<h1 class=\"wp-block-heading\">SOMETHING IN THE WATER<\/h1>\n\n\n\n<p>Inauguraci\u00f3n 15.4.2026, 18 h<br>Una exposici\u00f3n colectiva curada por Alexandra Meffert, Jorge Sanguino &amp; Andreas Steinbrecher<\/p>\n\n<\/div><\/div>\n\n\n\n<div class=\"wp-block-media-text alignwide is-stacked-on-mobile wp-exhibition-image-text\" style=\"grid-template-columns:38% auto\"><figure class=\"wp-block-media-text__media\"><img decoding=\"async\" src=\"https:\/\/wild-palms.com\/wp-content\/uploads\/2026\/04\/something-in-the-water-wildpalms-ausstellung-2026-Medium.webp\" alt=\"Something in the Water. Nueva pintura alemana. Curada por Alexandra Meffert, Jorge Sanguino y Andreas Steinbrecher\" class=\"wp-image-10568 size-full\"\/><\/figure><div class=\"wp-block-media-text__content\">\n\n<p><em>Something in the Water<\/em> es una exposici\u00f3n colectiva que presenta nuevas voces de la pintura alemana contempor\u00e1nea, con obras de Haein Choi, Lucas Kaiser, Hanna Kuster, Paul DD Smith y Andreas Steinbrecher.<\/p>\n\n<\/div><\/div>\n\n\n\n<div class=\"wp-exhibition-text\">\n  <p>La exposici\u00f3n pone en primer plano nuevas condiciones para la composici\u00f3n pict\u00f3rica: un retorno enf\u00e1tico al dibujo y un uso ampliado de im\u00e1genes \u2014cotidianas e iconogr\u00e1ficas\u2014 que abre la pintura a renovadas posibilidades narrativas.<\/p>\n\n  <details class=\"wp-exhibition-see-more\">\n    <summary>Ver m\u00e1s<\/summary>\n    <div>\n      <p>La exposici\u00f3n surge de una conversaci\u00f3n continua sobre el estado de la pintura en D\u00fcsseldorf \u2014una ciudad cuya Kunstakademie sigue albergando una de las clases de pintura m\u00e1s grandes de Alemania, pero que carece de un marco contempor\u00e1neo claramente definido para el medio. \u00bfQu\u00e9 significa pintar hoy? Esa pregunta atraviesa esta exposici\u00f3n.<\/p>\n\n      <p>Los cinco artistas reunidos aqu\u00ed comparten un renovado compromiso con el dibujo como estructura compositiva. Frente a la abstracci\u00f3n ahist\u00f3rica que domin\u00f3 la pintura hace una d\u00e9cada, reintroducen procesos m\u00e1s lentos y deliberados. El boceto vuelve a ocupar un lugar central, conectando dibujo y pintura de manera que permite una mayor coherencia entre reflexi\u00f3n y gesto.<\/p>\n\n      <p>Kaiser traslada el dibujo ornamental al plano pict\u00f3rico con notable fidelidad. Choi condensa una distancia nost\u00e1lgica en composiciones urbanas. Kuster desplaza la escala entre lo monumental y lo \u00edntimo. Smith reposiciona signos del pasado \u2014frisos, jarras, motivos decorativos\u2014 dentro de nuevas jerarqu\u00edas pict\u00f3ricas. Steinbrecher integra el dibujo en su pr\u00e1ctica tanto como material visible como andamiaje arquitect\u00f3nico bajo la superficie pintada.<\/p>\n\n      <p>Al hacerlo, reubican la figuraci\u00f3n lejos de una comprensi\u00f3n reductiva de la pintura como representaci\u00f3n directa de demandas sociales ligadas a grupos de inter\u00e9s predeterminados.<\/p>\n\n      <p><strong><a href=\"https:\/\/wild-palms.com\/wp-content\/uploads\/2026\/04\/Something_In_The_Water_compressed-2.pdf\">La exposici\u00f3n est\u00e1 acompa\u00f1ada por el ensayo de Jorge Sanguino <em>A Crocodile Swimming in Deep Water<\/em>, que ofrece una lectura cuidadosa de las nuevas direcciones en la pintura presentadas aqu\u00ed.<\/a><\/strong><\/p>\n    <\/div>\n  <\/details>\n<\/div>\n\n\n\n<div class=\"wp-exhibition-works\">\n  <h2>Obras<\/h2>\n\n  <div class=\"wp-exhibition-works-grid\">\n\n    <a class=\"wp-exhibition-work\" href=\"https:\/\/wildpalmsamericana.com\/something-in-water\/p\/badewanne-bath-tub-2023-hanna-kuster\" target=\"_blank\" rel=\"noopener\">\n      <div class=\"wp-exhibition-work-image\">\n        <img decoding=\"async\" src=\"https:\/\/images.squarespace-cdn.com\/content\/v1\/56f453b6ecb928e691cea5ad\/769a7172-b9b0-410d-86e8-490642a95971\/Bild00009.jpg?format=1000w\" alt=\"Hanna Kuster, Badewanne (Bath Tub), 2023\">\n      <\/div>\n      <div class=\"wp-exhibition-work-info\">\n        <div class=\"wp-exhibition-work-title\">Badewanne (Bath Tub), 2023<\/div>\n        <div class=\"wp-exhibition-work-artist\">Hanna Kuster<\/div>\n        <div class=\"wp-exhibition-work-meta\">Acuarela sobre papel \u00b7 29.7 \u00d7 42 cm \u00b7 Obra \u00fanica<\/div>\n        <div class=\"wp-exhibition-work-price\">$700.00<\/div>\n      <\/div>\n    <\/a>\n\n    <a class=\"wp-exhibition-work\" href=\"https:\/\/wildpalmsamericana.com\/something-in-water\/p\/cup-2026-lucas-kaiser\" target=\"_blank\" rel=\"noopener\">\n      <div class=\"wp-exhibition-work-image\">\n        <img decoding=\"async\" src=\"https:\/\/images.squarespace-cdn.com\/content\/v1\/56f453b6ecb928e691cea5ad\/0887bcf3-e030-4c93-9b4d-e20e3f0d14c5\/Tasse+Lucas+Kaiser+P1033419cc.JPG?format=1000w\" alt=\"Lucas Kaiser, Cup, 2026\">\n      <\/div>\n      <div class=\"wp-exhibition-work-info\">\n        <div class=\"wp-exhibition-work-title\">Cup, 2026<\/div>\n        <div class=\"wp-exhibition-work-artist\">Lucas Kaiser<\/div>\n        <div class=\"wp-exhibition-work-meta\">\u00d3leo sobre lienzo \u00b7 20 \u00d7 15 cm \u00b7 Obra \u00fanica<\/div>\n        <div class=\"wp-exhibition-work-price\">Vendido<\/div>\n      <\/div>\n    <\/a>\n\n    <a class=\"wp-exhibition-work\" href=\"https:\/\/wildpalmsamericana.com\/something-in-water\/p\/wild-flowers-2024-haein-choi\" target=\"_blank\" rel=\"noopener\">\n      <div class=\"wp-exhibition-work-image\">\n        <img decoding=\"async\" src=\"https:\/\/images.squarespace-cdn.com\/content\/v1\/56f453b6ecb928e691cea5ad\/08256014-4736-432b-82d1-2ba1ea47417e\/haein+choi+2024+.png?format=1500w\" alt=\"Haein Choi, Wild Flowers, 2024\">\n      <\/div>\n      <div class=\"wp-exhibition-work-info\">\n        <div class=\"wp-exhibition-work-title\">Wild Flowers, 2024<\/div>\n        <div class=\"wp-exhibition-work-artist\">Haein Choi<\/div>\n        <div class=\"wp-exhibition-work-meta\">\u00d3leo sobre lienzo \u00b7 160 \u00d7 120 cm \u00b7 Obra \u00fanica<\/div>\n        <div class=\"wp-exhibition-work-price\">$5,900.00<\/div>\n      <\/div>\n    <\/a>\n\n    <a class=\"wp-exhibition-work\" href=\"https:\/\/wildpalmsamericana.com\/something-in-water\/p\/the-crane-rehearsal-2025-paul-dd-smith\" target=\"_blank\" rel=\"noopener\">\n      <div class=\"wp-exhibition-work-image\">\n        <img decoding=\"async\" src=\"https:\/\/images.squarespace-cdn.com\/content\/v1\/56f453b6ecb928e691cea5ad\/f904fde2-5a5e-4ec7-b4d6-90bb70274ea7\/the+crane+rehersal+paul+dd+smith+158+x+124cm+2025.jpg?format=1500w\" alt=\"Paul DD Smith, The Crane Rehearsal, 2025\">\n      <\/div>\n      <div class=\"wp-exhibition-work-info\">\n        <div class=\"wp-exhibition-work-title\">The Crane Rehearsal, 2025<\/div>\n        <div class=\"wp-exhibition-work-artist\">Paul DD Smith<\/div>\n        <div class=\"wp-exhibition-work-meta\">Seda pintada montada sobre panel de madera \u2014 tintes fijados al vapor y tinta \u00b7 158 \u00d7 124 cm \u00b7 Obra \u00fanica<\/div>\n        <div class=\"wp-exhibition-work-price\">$5,650.00<\/div>\n      <\/div>\n    <\/a>\n\n    <a class=\"wp-exhibition-work\" href=\"https:\/\/wildpalmsamericana.com\/something-in-water\/p\/machine\" target=\"_blank\" rel=\"noopener\">\n      <div class=\"wp-exhibition-work-image\">\n        <img decoding=\"async\" src=\"https:\/\/images.squarespace-cdn.com\/content\/v1\/56f453b6ecb928e691cea5ad\/9db3e6f5-6f42-4ff8-af98-6f4ba826e0c4\/Machine_Andreas_Steinbrecher+Large.jpeg?format=1500w\" alt=\"Andreas Steinbrecher, Maschine, 2025\">\n      <\/div>\n      <div class=\"wp-exhibition-work-info\">\n        <div class=\"wp-exhibition-work-title\">Maschine, 2025<\/div>\n        <div class=\"wp-exhibition-work-artist\">Andreas Steinbrecher<\/div>\n        <div class=\"wp-exhibition-work-meta\">\u00d3leo sobre lienzo \u00b7 180 \u00d7 210 cm<\/div>\n        <div class=\"wp-exhibition-work-price\">$12,500.00<\/div>\n      <\/div>\n    <\/a>\n\n  <\/div>\n<\/div>\n\n\n\n<div class=\"wp-block-group wp-exhibition-buttons\"><div class=\"wp-block-group__inner-container is-layout-constrained wp-block-group-is-layout-constrained\">\n\n<div class=\"wp-block-buttons is-content-justification-center is-layout-flex wp-container-core-buttons-is-layout-16018d1d wp-block-buttons-is-layout-flex\">\n\n<div class=\"wp-block-button\"><a class=\"wp-block-button__link wp-element-button\" href=\"https:\/\/wildpalmsamericana.com\/art-works-store\" target=\"_blank\" rel=\"noopener\">selecci\u00f3n de obras disponibles en nuestra tienda online<\/a><\/div>\n\n\n\n<div class=\"wp-block-button\"><a class=\"wp-block-button__link wp-element-button\" href=\"https:\/\/wild-palms.com\/wp-content\/uploads\/2026\/04\/Something_In_The_Water_compressed.pdf\">lista de obras<\/a><\/div>\n\n<\/div>\n\n<\/div><\/div>\n\n\n\n<div class=\"wp-block-group alignwide wp-exhibition-photos\"><div class=\"wp-block-group__inner-container is-layout-constrained wp-block-group-is-layout-constrained\">\n\n<h2 class=\"wp-block-heading\">Vistas de exposici\u00f3n<\/h2>\n\n\n\n<figure class=\"wp-block-image alignwide size-full\"><a href=\"https:\/\/wild-palms.com\/wp-content\/uploads\/2026\/04\/13-c.webp\" data-rel=\"lightbox-image-0\" data-rl_title=\"\" data-rl_caption=\"\" title=\"\"><img decoding=\"async\" src=\"https:\/\/wild-palms.com\/wp-content\/uploads\/2026\/04\/13-c.webp\" alt=\"Vista de exposici\u00f3n con obras de Paul DD Smith y Andreas Steinbrecher\" class=\"wp-image-10985\"\/><\/a><figcaption class=\"wp-element-caption\">Paul DD Smith &amp; Andreas Steinbrecher<\/figcaption><\/figure>\n\n\n\n<figure class=\"wp-block-image alignwide size-full\"><a href=\"https:\/\/wild-palms.com\/wp-content\/uploads\/2026\/04\/11-c.webp\" data-rel=\"lightbox-image-1\" data-rl_title=\"\" data-rl_caption=\"\" title=\"\"><img decoding=\"async\" src=\"https:\/\/wild-palms.com\/wp-content\/uploads\/2026\/04\/11-c.webp\" alt=\"Vista de exposici\u00f3n con obras de Hanna Kuster y Andreas Steinbrecher\" class=\"wp-image-10983\"\/><\/a><figcaption class=\"wp-element-caption\">Hanna Kuster &amp; Andreas Steinbrecher<\/figcaption><\/figure>\n\n\n\n<figure class=\"wp-block-image alignwide size-full\"><a href=\"https:\/\/wild-palms.com\/wp-content\/uploads\/2026\/04\/10-c-2.webp\" data-rel=\"lightbox-image-2\" data-rl_title=\"\" data-rl_caption=\"\" title=\"\"><img decoding=\"async\" src=\"https:\/\/wild-palms.com\/wp-content\/uploads\/2026\/04\/10-c-2.webp\" alt=\"Vista de exposici\u00f3n con obras de Paul DD Smith, Haein Choi, Andreas Steinbrecher y Lucas Kaiser\" class=\"wp-image-10982\"\/><\/a><figcaption class=\"wp-element-caption\">Paul DD Smith, Haein Choi, Andreas Steinbrecher, Lucas Kaiser<\/figcaption><\/figure>\n\n\n\n<figure class=\"wp-block-image alignwide size-full\"><a href=\"https:\/\/wild-palms.com\/wp-content\/uploads\/2026\/04\/4-c.webp\" data-rel=\"lightbox-image-3\" data-rl_title=\"\" data-rl_caption=\"\" title=\"\"><img decoding=\"async\" src=\"https:\/\/wild-palms.com\/wp-content\/uploads\/2026\/04\/4-c.webp\" alt=\"Vista de exposici\u00f3n con obra de Paul DD Smith\" class=\"wp-image-10996\"\/><\/a><figcaption class=\"wp-element-caption\">Paul DD Smith<\/figcaption><\/figure>\n\n\n\n<figure class=\"wp-block-image alignwide size-full\"><a href=\"https:\/\/wild-palms.com\/wp-content\/uploads\/2026\/04\/6-c.webp\" data-rel=\"lightbox-image-4\" data-rl_title=\"\" data-rl_caption=\"\" title=\"\"><img decoding=\"async\" src=\"https:\/\/wild-palms.com\/wp-content\/uploads\/2026\/04\/6-c.webp\" alt=\"Vista de exposici\u00f3n con obras de Lucas Kaiser, Andreas Steinbrecher y Hanna Kuster\" class=\"wp-image-10987\"\/><\/a><figcaption class=\"wp-element-caption\">Lucas Kaiser, Andreas Steinbrecher, Hanna Kuster<\/figcaption><\/figure>\n\n\n\n<figure class=\"wp-block-image alignwide size-full\"><a href=\"https:\/\/wild-palms.com\/wp-content\/uploads\/2026\/04\/9-1.webp\" data-rel=\"lightbox-image-5\" data-rl_title=\"\" data-rl_caption=\"\" title=\"\"><img decoding=\"async\" src=\"https:\/\/wild-palms.com\/wp-content\/uploads\/2026\/04\/9-1.webp\" alt=\"Vista de exposici\u00f3n con obra de Lucas Kaiser\" class=\"wp-image-10968\"\/><\/a><figcaption class=\"wp-element-caption\">Lucas Kaiser<\/figcaption><\/figure>\n\n\n\n<figure class=\"wp-block-image alignwide size-full\"><a href=\"https:\/\/wild-palms.com\/wp-content\/uploads\/2026\/04\/12-c.webp\" data-rel=\"lightbox-image-6\" data-rl_title=\"\" data-rl_caption=\"\" title=\"\"><img decoding=\"async\" src=\"https:\/\/wild-palms.com\/wp-content\/uploads\/2026\/04\/12-c.webp\" alt=\"Vista de exposici\u00f3n con obras de Paul DD Smith y Haein Choi\" class=\"wp-image-10984\"\/><\/a><figcaption class=\"wp-element-caption\">Paul DD Smith &amp; Haein Choi<\/figcaption><\/figure>\n\n\n\n<figure class=\"wp-block-image alignwide size-full\"><a href=\"https:\/\/wild-palms.com\/wp-content\/uploads\/2026\/04\/2.webp\" data-rel=\"lightbox-image-7\" data-rl_title=\"\" data-rl_caption=\"\" title=\"\"><img decoding=\"async\" src=\"https:\/\/wild-palms.com\/wp-content\/uploads\/2026\/04\/2.webp\" alt=\"Vista de exposici\u00f3n con obra de Haein Choi\" class=\"wp-image-10961\"\/><\/a><figcaption class=\"wp-element-caption\">Haein Choi<\/figcaption><\/figure>\n\n\n\n<figure class=\"wp-block-image alignwide size-full\"><a href=\"https:\/\/wild-palms.com\/wp-content\/uploads\/2026\/04\/5-1.webp\" data-rel=\"lightbox-image-8\" data-rl_title=\"\" data-rl_caption=\"\" title=\"\"><img decoding=\"async\" src=\"https:\/\/wild-palms.com\/wp-content\/uploads\/2026\/04\/5-1.webp\" alt=\"Vista de exposici\u00f3n con obra de Haein Choi\" class=\"wp-image-10964\"\/><\/a><figcaption class=\"wp-element-caption\">Haein Choi<\/figcaption><\/figure>\n\n<\/div><\/div>\n\n\n\n<div class=\"wp-block-group alignwide wp-exhibition-artists-exception\"><div class=\"wp-block-group__inner-container is-layout-constrained wp-block-group-is-layout-constrained\">\n\n\n<div class=\"wp-block-media-text alignwide is-stacked-on-mobile\" style=\"grid-template-columns:40% auto\"><figure class=\"wp-block-media-text__media\"><img decoding=\"async\" src=\"https:\/\/wild-palms.com\/wp-content\/uploads\/2026\/04\/Neighborhood-Haein-Choi-140-x-110-cm-oil-on-canvas-2024-1024x735.webp\" alt=\"Haein Choi\" class=\"wp-image-10671 size-full\"\/><\/figure><div class=\"wp-block-media-text__content\">\n\n<p>Haein Choi<\/p>\n\n\n\n<p>*1991 en Se\u00fal, Corea del Sur<\/p>\n\n\n\n<p><a href=\"https:\/\/haeinchoi.com\">https:\/\/haeinchoi.com<\/a><\/p>\n\n\n\n<div class=\"wp-block-coblocks-accordion\">\n\n<div class=\"wp-block-coblocks-accordion-item\"><details><summary class=\"wp-block-coblocks-accordion-item__title\">BIO<\/summary><div class=\"wp-block-coblocks-accordion-item__content\">\n\n<p style=\"font-size:14px\">Haein Choi es una pintora radicada en D\u00fcsseldorf cuya obra se despliega a trav\u00e9s de escenas silenciosas e introspectivas que oscilan entre la figuraci\u00f3n y la abstracci\u00f3n. Sus pinturas exploran registros emocionales sutiles, donde gestos, texturas y ambig\u00fcedades espaciales crean una sensaci\u00f3n de comunicaci\u00f3n suspendida: \u00edntima y esquiva a la vez. En lugar de representar narrativas cerradas, Choi construye atm\u00f3sferas que invitan a una relaci\u00f3n m\u00e1s lenta y perceptiva con la imagen.<br>Choi estudi\u00f3 en la Universidad Hongik de Se\u00fal y en la Kunstakademie D\u00fcsseldorf con el Prof. Andreas Schulze, donde complet\u00f3 su Meistersch\u00fcler en 2023. Su obra se ha presentado en instituciones y galer\u00edas como Kunsthalle D\u00fcsseldorf, Ketterer Kunst (M\u00fanich) y Hengesbach Galerie (Wuppertal). Fue nominada al Masterclass Art Prize (2024) y al NRW.BANK Art Prize (2019).<\/p>\n\n<\/div><\/details><\/div>\n\n\n\n<div class=\"wp-block-coblocks-accordion-item\"><details><summary class=\"wp-block-coblocks-accordion-item__title\">CV<\/summary><div class=\"wp-block-coblocks-accordion-item__content\">\n\n<p style=\"font-size:14px\">Vive y trabaja en D\u00fcsseldorf, Alemania<\/p>\n\n\n\n<p style=\"font-size:14px\"><strong>Educaci\u00f3n<\/strong><br>2023 Meistersch\u00fcler de Prof. Andreas Schulze<br>2023 Diploma en Pintura, clase de Prof. Andreas Schulze, Kunstakademie D\u00fcsseldorf, Alemania<br>2014 BFA in Fine Art, Hongik University, Corea del Sur<\/p>\n\n\n\n<p style=\"font-size:14px\"><strong>Premios y nominaciones<\/strong><br>2024 Nominada al Masterclass Art Prize, Ketterer Kunst<br>2019 Nominada al NRW.BANK Art Prize<\/p>\n\n\n\n<p style=\"font-size:14px\"><strong>Exposiciones individuales<\/strong><br>2023 <em>Stille Gespr\u00e4che<\/em> (Silent Conversations), Hengesbach Galerie, Wuppertal, Alemania<br>2023 <em>Hug and Whisper<\/em>, presentaci\u00f3n de graduaci\u00f3n, Kunstakademie D\u00fcsseldorf, Alemania<\/p>\n\n\n\n<p style=\"font-size:14px\"><strong>Exposiciones colectivas<\/strong><br>2026 <em>Something in the Water<\/em>, Wild Palms, D\u00fcsseldorf, Alemania<br>2024 <em>Keine Akten Nirgends<\/em>, Raum +, D\u00fcsseldorf, Alemania<br>2024 <em>Masterclass Art Prize Nominees<\/em>, Ketterer Kunst, M\u00fanich, Alemania<br>2024 <em>Heaven Scent Laundry<\/em>, Magma Maria, Frankfurt, Alemania<br>2023 <em>Frag den Abendwind<\/em>, Akademie Galerie, D\u00fcsseldorf, Alemania<br>2022 <em>Baby Snail Button<\/em>, AStA Exhibition Space, D\u00fcsseldorf, Alemania<br>2022 <em>Die Gro\u00dfe<\/em>, Kunsthalle D\u00fcsseldorf, Alemania<br>2022 <em>Academy Selection<\/em>, Galerie Kellermann, D\u00fcsseldorf, Alemania<br>2021 <em>NRW.BANK Art Prize Nominees<\/em><br>2020 <em>Fresh Positions<\/em>, BBK Kunstforum D\u00fcsseldorf, Alemania<br>2018 <em>Silbertopf<\/em>, Off-space, Leipzig, Alemania<br>2014 <em>Contemporary Art 2014<\/em>, exposici\u00f3n de graduaci\u00f3n, Hongik University, Corea del Sur<\/p>\n\n<\/div><\/details><\/div>\n\n<\/div>\n\n<\/div><\/div>\n\n\n\n<div class=\"wp-block-media-text alignwide is-stacked-on-mobile\" style=\"grid-template-columns:40% auto\"><figure class=\"wp-block-media-text__media\"><img decoding=\"async\" src=\"https:\/\/wild-palms.com\/wp-content\/uploads\/2026\/04\/Tasse-Lucas-Kaiser-P1033419cc-796x1024.webp\" alt=\"Lucas Kaiser\" class=\"wp-image-10379 size-full\"\/><\/figure><div class=\"wp-block-media-text__content\">\n\n<p>Lucas Kaiser<\/p>\n\n\n\n<p>*1994 en Erding, Alemania<br><a href=\"http:\/\/lucaskaiser.de\/\">http:\/\/lucaskaiser.de\/<\/a><\/p>\n\n\n\n<div class=\"wp-block-coblocks-accordion\">\n\n<div class=\"wp-block-coblocks-accordion-item\"><details><summary class=\"wp-block-coblocks-accordion-item__title\">BIO<\/summary><div class=\"wp-block-coblocks-accordion-item__content\">\n\n<p style=\"font-size:14px\">Lucas Kaiser vive y trabaja en Leipzig. Estudi\u00f3 en la Academy of Visual Arts Leipzig con Prof. Annette Schr\u00f6ter y Prof. Oliver Kossack, y fue Meistersch\u00fcler de Prof. Anne Speier entre 2021 y 2023. En 2019 ampli\u00f3 su pr\u00e1ctica durante un periodo de estudios en el National College of Art and Design de Dubl\u00edn. En 2021 recibi\u00f3 el Landesgraduiertenstipendium del Estado Libre de Sajonia.<\/p>\n\n\n\n<p style=\"font-size:14px\">La pr\u00e1ctica de Kaiser se mueve entre pintura, dibujo y grabado, explorando tensiones sutiles entre figuraci\u00f3n y abstracci\u00f3n. Sus obras evocan cuerpos fragmentados, vol\u00famenes suaves y espacios ambiguos, en los que las formas parecen oscilar entre presencia y disoluci\u00f3n. A trav\u00e9s de un lenguaje pict\u00f3rico contenido pero sensual, construye im\u00e1genes que fluct\u00faan entre intimidad y extra\u00f1amiento.<\/p>\n\n\n\n<p style=\"font-size:14px\">Entre sus exposiciones individuales y d\u00fao recientes se encuentran <em>Appropriate Illusion<\/em> en Weserhalle, Berl\u00edn (2024), <em>Down at the Green Meadow<\/em> en ThisWeekendRoom, Se\u00fal (2023), y <em>GESUNDHEITSPARK<\/em> en Galerie Kleindienst, Leipzig (2021). Su obra tambi\u00e9n se ha presentado en numerosas exposiciones colectivas en Alemania e internacionalmente.<\/p>\n\n<\/div><\/details><\/div>\n\n\n\n<div class=\"wp-block-coblocks-accordion-item\"><details><summary class=\"wp-block-coblocks-accordion-item__title\">CV<\/summary><div class=\"wp-block-coblocks-accordion-item__content\">\n\n<p style=\"font-size:14px\"><strong>Educaci\u00f3n<\/strong><br>2021\u20132023 Meistersch\u00fcler, Prof. Anne Speier<br>2014\u20132021 Academy of Visual Arts Leipzig (HGB Leipzig), Prof. Annette Schr\u00f6ter, Prof. Oliver Kossack<br>2019 National College of Art and Design (NCAD), Dubl\u00edn<\/p>\n\n\n\n<p style=\"font-size:14px\"><strong>Becas<\/strong><br>2021 Landesgraduiertenstipendium des Freistaats Sachsen<\/p>\n\n\n\n<p style=\"font-size:14px\"><strong>Exposiciones individuales \/ d\u00fao<\/strong><br>2024 <em>Appropriate Illusion<\/em>, Weserhalle, Berl\u00edn, DE<br>2023 <em>Down at the Green Meadow<\/em>, ThisWeekendRoom, Se\u00fal, KR<br>2021 <em>GESUNDHEITSPARK<\/em>, Galerie Kleindienst (WESTSIDE), Leipzig, DE<br>2020 <em>Softies<\/em> (with Silke Berg), P145, Berl\u00edn, DE<br>2019 <em>POLSTER<\/em> (with Silke Berg), Kunstraum Ortloff, Leipzig, DE<\/p>\n\n<\/div><\/details><\/div>\n\n<\/div>\n\n<\/div><\/div>\n\n\n\n<div class=\"wp-block-media-text alignwide is-stacked-on-mobile\" style=\"grid-template-columns:40% auto\"><figure class=\"wp-block-media-text__media\"><img decoding=\"async\" src=\"https:\/\/wild-palms.com\/wp-content\/uploads\/2026\/04\/KohlrabiChilliZirtone-Hanna-Kuster-P1033422c-795x1024.webp\" alt=\"Hanna Kuster\" class=\"wp-image-10380 size-full\"\/><\/figure><div class=\"wp-block-media-text__content\">\n\n<p>Hanna Kuster<\/p>\n\n\n\n<p>*1996 en Wuppertal, Alemania<\/p>\n\n\n\n<p><a href=\"https:\/\/www.hannakuster.com\">https:\/\/www.hannakuster.com<\/a><\/p>\n\n\n\n<div class=\"wp-block-coblocks-accordion\">\n\n<div class=\"wp-block-coblocks-accordion-item\"><details><summary class=\"wp-block-coblocks-accordion-item__title\">BIO<\/summary><div class=\"wp-block-coblocks-accordion-item__content\">\n\n<p style=\"font-size:14px\">Hanna Kuster es una pintora radicada en D\u00fcsseldorf cuya pr\u00e1ctica explora la interacci\u00f3n entre abstracci\u00f3n, percepci\u00f3n espacial y construcci\u00f3n pict\u00f3rica. Formada en la Kunstakademie D\u00fcsseldorf con Siegfried Anzinger y Tomma Abts, complet\u00f3 sus estudios como Meistersch\u00fclerin en 2022.<\/p>\n\n\n\n<p style=\"font-size:14px\">Su obra se caracteriza por una aproximaci\u00f3n precisa e intuitiva a la forma, en la que color, superficie y estructura compositiva se despliegan en constelaciones espaciales ambiguas. Sus pinturas se mueven entre control y apertura, sugiriendo entornos fragmentados o perspectivas cambiantes sin fijarse en narrativas cerradas.<\/p>\n\n\n\n<p style=\"font-size:14px\">Su obra se ha presentado en numerosas exposiciones en Alemania e internacionalmente, incluyendo Neuer Kunstverein Wuppertal, Museum K\u00fcppersm\u00fchle Duisburg y Seoshin Gallery en Corea del Sur. Ha recibido varios premios y residencias, entre ellos la residencia P.air.s en Suiza y la beca de trabajo BBK Bayern.<\/p>\n\n<\/div><\/details><\/div>\n\n\n\n<div class=\"wp-block-coblocks-accordion-item\"><details><summary class=\"wp-block-coblocks-accordion-item__title\">CV<\/summary><div class=\"wp-block-coblocks-accordion-item__content\">\n\n<p style=\"font-size:14px\">Vive y trabaja en D\u00fcsseldorf.<br><strong>Educaci\u00f3n<\/strong><br>2016\u20132022 Kunstakademie D\u00fcsseldorf, Alemania<br>2017 Clase de Prof. Siegfried Anzinger<br>2018\u20132022 Clase de Prof. Tomma Abts<br>2022 Meistersch\u00fclerin de Prof. Tomma Abts<\/p>\n\n<\/div><\/details><\/div>\n\n<\/div>\n\n<\/div><\/div>\n\n\n\n<div class=\"wp-block-media-text alignwide is-stacked-on-mobile\" style=\"grid-template-columns:40% auto\"><figure class=\"wp-block-media-text__media\"><img decoding=\"async\" src=\"https:\/\/wild-palms.com\/wp-content\/uploads\/2026\/04\/The-crane-rehersal-web-1024x782.webp\" alt=\"Paul DD Smith\" class=\"wp-image-10670 size-full\"\/><\/figure><div class=\"wp-block-media-text__content\">\n\n<p>Paul DD Smith<\/p>\n\n\n\n<p>*1983 en Woodbridge, Reino Unido<\/p>\n\n\n\n<p><a href=\"http:\/\/paulddsmith.com\/\">http:\/\/paulddsmith.com\/<\/a><\/p>\n\n\n\n<div class=\"wp-block-coblocks-accordion\">\n\n<div class=\"wp-block-coblocks-accordion-item\"><details><summary class=\"wp-block-coblocks-accordion-item__title\">BIO<\/summary><div class=\"wp-block-coblocks-accordion-item__content\">\n\n<p style=\"font-size:14px\">Paul DD Smith vive y trabaja en Berl\u00edn. Su pr\u00e1ctica se despliega a trav\u00e9s de pintura, instalaci\u00f3n y texto, abordando procesos de percepci\u00f3n, transformaci\u00f3n e inestabilidad del significado. A menudo parte de estructuras literarias, fragmentos mitol\u00f3gicos y narrativas especulativas para construir espacios pict\u00f3ricos que oscilan entre figuraci\u00f3n y abstracci\u00f3n.<\/p>\n\n\n\n<p style=\"font-size:14px\">Formado en la Hochschule f\u00fcr bildende K\u00fcnste Hamburg (MFA, Klasse Jutta Koether) y previamente en el Reino Unido, su obra refleja un di\u00e1logo sostenido entre gesto pict\u00f3rico e investigaci\u00f3n conceptual. Sus composiciones operan mediante asociaciones superpuestas \u2014org\u00e1nicas, simb\u00f3licas y arquitect\u00f3nicas\u2014 que generan entornos \u00edntimos y desorientadores.<\/p>\n\n<\/div><\/details><\/div>\n\n\n\n<div class=\"wp-block-coblocks-accordion-item\"><details><summary class=\"wp-block-coblocks-accordion-item__title\">CV<\/summary><div class=\"wp-block-coblocks-accordion-item__content\">\n\n<p><\/p>\n\n<\/div><\/details><\/div>\n\n<\/div>\n\n<\/div><\/div>\n\n\n\n<div class=\"wp-block-media-text alignwide is-stacked-on-mobile\" style=\"grid-template-columns:40% auto\"><figure class=\"wp-block-media-text__media\"><img decoding=\"async\" src=\"https:\/\/wild-palms.com\/wp-content\/uploads\/2026\/04\/Machine_Andreas_Steinbrecher-Large-Medium.webp\" alt=\"Andreas Steinbrecher\" class=\"wp-image-10377 size-full\"\/><\/figure><div class=\"wp-block-media-text__content\">\n\n<p><a href=\"https:\/\/wild-palms.com\/andreas-steinbrecher\/\" type=\"page\" id=\"9567\">Andreas Steinbrecher<\/a><br>*1984 en Chelikemir, Kazajist\u00e1n<\/p>\n\n\n\n<div class=\"wp-block-coblocks-accordion\">\n\n<div class=\"wp-block-coblocks-accordion-item\"><details><summary class=\"wp-block-coblocks-accordion-item__title\">BIO<\/summary><div class=\"wp-block-coblocks-accordion-item__content\">\n\n<p style=\"font-size:14px\">Andreas se traslad\u00f3 a Alemania con sus padres a los cuatro a\u00f1os. Procedente de una familia de artesanos, su talento y pasi\u00f3n por el dibujo fueron reconocidos desde temprano. Aun as\u00ed, primero estudi\u00f3 dise\u00f1o gr\u00e1fico en la Universidad de Ciencias Aplicadas de D\u00fcsseldorf. Tras trabajar como dise\u00f1ador independiente, decidi\u00f3 profundizar su desarrollo art\u00edstico e ingres\u00f3 en la Kunstakademie D\u00fcsseldorf en 2017. Estudi\u00f3 con el profesor Thomas Scheibitz y complet\u00f3 sus estudios en la primavera de 2023.<br>Andreas vive y trabaja en D\u00fcsseldorf.<\/p>\n\n<\/div><\/details><\/div>\n\n\n\n<div class=\"wp-block-coblocks-accordion-item\"><details><summary class=\"wp-block-coblocks-accordion-item__title\">CV<\/summary><div class=\"wp-block-coblocks-accordion-item__content\">\n\n<p style=\"font-size:14px\">Vive y trabaja en D\u00fcsseldorf, Alemania<\/p>\n\n\n\n<p style=\"font-size:14px\"><strong>Educaci\u00f3n<\/strong><br>2023 \u2014 Meistersch\u00fcler con Prof. Thomas Scheibitz<br>2017\u20132023 \u2014 Akademiebrief, Fine Art, Kunstakademie D\u00fcsseldorf<br>2009\u20132013 \u2014 BA with Honors in Communication Design, Peter Behrens School of Arts, Hochschule D\u00fcsseldorf<\/p>\n\n\n\n<p style=\"font-size:14px\"><strong>Becas<\/strong><br>2022\u20132023 \u2014 Best Kunstf\u00f6rderpreis 2022, Best Gruppe D\u00fcsseldorf<br>2020\u20132021 \u2014 Deutschlandstipendium, Kunstakademie D\u00fcsseldorf<\/p>\n\n<\/div><\/details><\/div>\n\n<\/div>\n\n<\/div><\/div>\n\n\n<\/div><\/div>\n\n\n<\/div><\/div>\n","protected":false},"excerpt":{"rendered":"<p>SOMETHING IN THE WATER Inauguraci\u00f3n 15.4.2026, 18 hUna exposici\u00f3n colectiva curada por Alexandra Meffert, Jorge Sanguino &amp; Andreas Steinbrecher Something in the Water es una exposici\u00f3n colectiva que presenta nuevas voces de la pintura alemana contempor\u00e1nea, con obras de Haein Choi, Lucas Kaiser, Hanna Kuster, Paul DD Smith y Andreas Steinbrecher. La exposici\u00f3n pone en [&hellip;]<\/p>\n","protected":false},"author":1,"featured_media":0,"parent":0,"menu_order":0,"comment_status":"closed","ping_status":"closed","template":"","meta":{"_coblocks_attr":"","_coblocks_dimensions":"","_coblocks_responsive_height":"","_coblocks_accordion_ie_support":"","hide_page_title":"","footnotes":""},"class_list":["post-10406","page","type-page","status-publish","hentry"],"yoast_head":"<!-- This site is optimized with the Yoast SEO plugin v27.4 - https:\/\/yoast.com\/product\/yoast-seo-wordpress\/ -->\n<title>Something In the Water - wildpalms ES<\/title>\n<meta name=\"description\" content=\"Nueva Pintura en Alemania: Una exposici\u00f3n colectiva curada por Alexandra Meffert, Jorge Sanguino &amp; Andreas Steinbrecher\" \/>\n<meta name=\"robots\" content=\"index, follow, max-snippet:-1, max-image-preview:large, max-video-preview:-1\" \/>\n<link rel=\"canonical\" href=\"https:\/\/wild-palms.com\/es\/something-in-the-water\/\" \/>\n<meta property=\"og:locale\" content=\"es_ES\" \/>\n<meta property=\"og:type\" content=\"article\" \/>\n<meta property=\"og:title\" content=\"Something In the Water - wildpalms ES\" \/>\n<meta property=\"og:description\" content=\"Nueva Pintura en Alemania: Una exposici\u00f3n colectiva curada por Alexandra Meffert, Jorge Sanguino &amp; Andreas Steinbrecher\" \/>\n<meta property=\"og:url\" content=\"https:\/\/wild-palms.com\/es\/something-in-the-water\/\" \/>\n<meta property=\"og:site_name\" content=\"wildpalms ES\" \/>\n<meta property=\"article:modified_time\" content=\"2026-04-27T21:47:23+00:00\" \/>\n<meta name=\"twitter:card\" content=\"summary_large_image\" \/>\n<meta name=\"twitter:label1\" content=\"Est. reading time\" \/>\n\t<meta name=\"twitter:data1\" content=\"11 minutes\" \/>\n<script type=\"application\/ld+json\" class=\"yoast-schema-graph\">{\"@context\":\"https:\\\/\\\/schema.org\",\"@graph\":[{\"@type\":\"WebPage\",\"@id\":\"https:\\\/\\\/wild-palms.com\\\/es\\\/something-in-the-water\\\/\",\"url\":\"https:\\\/\\\/wild-palms.com\\\/es\\\/something-in-the-water\\\/\",\"name\":\"Something In the Water - wildpalms ES\",\"isPartOf\":{\"@id\":\"https:\\\/\\\/wild-palms.com\\\/es\\\/#website\"},\"primaryImageOfPage\":{\"@id\":\"https:\\\/\\\/wild-palms.com\\\/es\\\/something-in-the-water\\\/#primaryimage\"},\"image\":{\"@id\":\"https:\\\/\\\/wild-palms.com\\\/es\\\/something-in-the-water\\\/#primaryimage\"},\"thumbnailUrl\":\"https:\\\/\\\/wild-palms.com\\\/wp-content\\\/uploads\\\/2026\\\/04\\\/something-in-the-water-wildpalms-ausstellung-2026-Medium.webp\",\"datePublished\":\"2026-04-27T21:39:44+00:00\",\"dateModified\":\"2026-04-27T21:47:23+00:00\",\"description\":\"Nueva Pintura en Alemania: Una exposici\u00f3n colectiva curada por Alexandra Meffert, Jorge Sanguino & Andreas Steinbrecher\",\"breadcrumb\":{\"@id\":\"https:\\\/\\\/wild-palms.com\\\/es\\\/something-in-the-water\\\/#breadcrumb\"},\"inLanguage\":\"es\",\"potentialAction\":[{\"@type\":\"ReadAction\",\"target\":[\"https:\\\/\\\/wild-palms.com\\\/es\\\/something-in-the-water\\\/\"]}]},{\"@type\":\"ImageObject\",\"inLanguage\":\"es\",\"@id\":\"https:\\\/\\\/wild-palms.com\\\/es\\\/something-in-the-water\\\/#primaryimage\",\"url\":\"https:\\\/\\\/wild-palms.com\\\/wp-content\\\/uploads\\\/2026\\\/04\\\/something-in-the-water-wildpalms-ausstellung-2026-Medium.webp\",\"contentUrl\":\"https:\\\/\\\/wild-palms.com\\\/wp-content\\\/uploads\\\/2026\\\/04\\\/something-in-the-water-wildpalms-ausstellung-2026-Medium.webp\"},{\"@type\":\"BreadcrumbList\",\"@id\":\"https:\\\/\\\/wild-palms.com\\\/es\\\/something-in-the-water\\\/#breadcrumb\",\"itemListElement\":[{\"@type\":\"ListItem\",\"position\":1,\"name\":\"Home\",\"item\":\"https:\\\/\\\/wild-palms.com\\\/es\\\/\"},{\"@type\":\"ListItem\",\"position\":2,\"name\":\"Something In the Water\"}]},{\"@type\":\"WebSite\",\"@id\":\"https:\\\/\\\/wild-palms.com\\\/es\\\/#website\",\"url\":\"https:\\\/\\\/wild-palms.com\\\/es\\\/\",\"name\":\"wildpalms ES\",\"description\":\"\",\"publisher\":{\"@id\":\"https:\\\/\\\/wild-palms.com\\\/es\\\/#organization\"},\"potentialAction\":[{\"@type\":\"SearchAction\",\"target\":{\"@type\":\"EntryPoint\",\"urlTemplate\":\"https:\\\/\\\/wild-palms.com\\\/es\\\/?s={search_term_string}\"},\"query-input\":{\"@type\":\"PropertyValueSpecification\",\"valueRequired\":true,\"valueName\":\"search_term_string\"}}],\"inLanguage\":\"es\"},{\"@type\":\"Organization\",\"@id\":\"https:\\\/\\\/wild-palms.com\\\/es\\\/#organization\",\"name\":\"wildpalms ES\",\"url\":\"https:\\\/\\\/wild-palms.com\\\/es\\\/\",\"logo\":{\"@type\":\"ImageObject\",\"inLanguage\":\"es\",\"@id\":\"https:\\\/\\\/wild-palms.com\\\/es\\\/#\\\/schema\\\/logo\\\/image\\\/\",\"url\":\"https:\\\/\\\/wild-palms.com\\\/es\\\/wp-content\\\/uploads\\\/sites\\\/3\\\/2026\\\/04\\\/wp-4-copy-scaled.jpg\",\"contentUrl\":\"https:\\\/\\\/wild-palms.com\\\/es\\\/wp-content\\\/uploads\\\/sites\\\/3\\\/2026\\\/04\\\/wp-4-copy-scaled.jpg\",\"width\":2560,\"height\":420,\"caption\":\"wildpalms ES\"},\"image\":{\"@id\":\"https:\\\/\\\/wild-palms.com\\\/es\\\/#\\\/schema\\\/logo\\\/image\\\/\"}}]}<\/script>\n<!-- \/ Yoast SEO plugin. -->","yoast_head_json":{"title":"Something In the Water - wildpalms ES","description":"Nueva Pintura en Alemania: Una exposici\u00f3n colectiva curada por Alexandra Meffert, Jorge Sanguino & Andreas Steinbrecher","robots":{"index":"index","follow":"follow","max-snippet":"max-snippet:-1","max-image-preview":"max-image-preview:large","max-video-preview":"max-video-preview:-1"},"canonical":"https:\/\/wild-palms.com\/es\/something-in-the-water\/","og_locale":"es_ES","og_type":"article","og_title":"Something In the Water - wildpalms ES","og_description":"Nueva Pintura en Alemania: Una exposici\u00f3n colectiva curada por Alexandra Meffert, Jorge Sanguino & Andreas Steinbrecher","og_url":"https:\/\/wild-palms.com\/es\/something-in-the-water\/","og_site_name":"wildpalms ES","article_modified_time":"2026-04-27T21:47:23+00:00","twitter_card":"summary_large_image","twitter_misc":{"Est. reading time":"11 minutes"},"schema":{"@context":"https:\/\/schema.org","@graph":[{"@type":"WebPage","@id":"https:\/\/wild-palms.com\/es\/something-in-the-water\/","url":"https:\/\/wild-palms.com\/es\/something-in-the-water\/","name":"Something In the Water - wildpalms ES","isPartOf":{"@id":"https:\/\/wild-palms.com\/es\/#website"},"primaryImageOfPage":{"@id":"https:\/\/wild-palms.com\/es\/something-in-the-water\/#primaryimage"},"image":{"@id":"https:\/\/wild-palms.com\/es\/something-in-the-water\/#primaryimage"},"thumbnailUrl":"https:\/\/wild-palms.com\/wp-content\/uploads\/2026\/04\/something-in-the-water-wildpalms-ausstellung-2026-Medium.webp","datePublished":"2026-04-27T21:39:44+00:00","dateModified":"2026-04-27T21:47:23+00:00","description":"Nueva Pintura en Alemania: Una exposici\u00f3n colectiva curada por Alexandra Meffert, Jorge Sanguino & Andreas Steinbrecher","breadcrumb":{"@id":"https:\/\/wild-palms.com\/es\/something-in-the-water\/#breadcrumb"},"inLanguage":"es","potentialAction":[{"@type":"ReadAction","target":["https:\/\/wild-palms.com\/es\/something-in-the-water\/"]}]},{"@type":"ImageObject","inLanguage":"es","@id":"https:\/\/wild-palms.com\/es\/something-in-the-water\/#primaryimage","url":"https:\/\/wild-palms.com\/wp-content\/uploads\/2026\/04\/something-in-the-water-wildpalms-ausstellung-2026-Medium.webp","contentUrl":"https:\/\/wild-palms.com\/wp-content\/uploads\/2026\/04\/something-in-the-water-wildpalms-ausstellung-2026-Medium.webp"},{"@type":"BreadcrumbList","@id":"https:\/\/wild-palms.com\/es\/something-in-the-water\/#breadcrumb","itemListElement":[{"@type":"ListItem","position":1,"name":"Home","item":"https:\/\/wild-palms.com\/es\/"},{"@type":"ListItem","position":2,"name":"Something In the Water"}]},{"@type":"WebSite","@id":"https:\/\/wild-palms.com\/es\/#website","url":"https:\/\/wild-palms.com\/es\/","name":"wildpalms ES","description":"","publisher":{"@id":"https:\/\/wild-palms.com\/es\/#organization"},"potentialAction":[{"@type":"SearchAction","target":{"@type":"EntryPoint","urlTemplate":"https:\/\/wild-palms.com\/es\/?s={search_term_string}"},"query-input":{"@type":"PropertyValueSpecification","valueRequired":true,"valueName":"search_term_string"}}],"inLanguage":"es"},{"@type":"Organization","@id":"https:\/\/wild-palms.com\/es\/#organization","name":"wildpalms ES","url":"https:\/\/wild-palms.com\/es\/","logo":{"@type":"ImageObject","inLanguage":"es","@id":"https:\/\/wild-palms.com\/es\/#\/schema\/logo\/image\/","url":"https:\/\/wild-palms.com\/es\/wp-content\/uploads\/sites\/3\/2026\/04\/wp-4-copy-scaled.jpg","contentUrl":"https:\/\/wild-palms.com\/es\/wp-content\/uploads\/sites\/3\/2026\/04\/wp-4-copy-scaled.jpg","width":2560,"height":420,"caption":"wildpalms ES"},"image":{"@id":"https:\/\/wild-palms.com\/es\/#\/schema\/logo\/image\/"}}]}},"_links":{"self":[{"href":"https:\/\/wild-palms.com\/es\/wp-json\/wp\/v2\/pages\/10406","targetHints":{"allow":["GET"]}}],"collection":[{"href":"https:\/\/wild-palms.com\/es\/wp-json\/wp\/v2\/pages"}],"about":[{"href":"https:\/\/wild-palms.com\/es\/wp-json\/wp\/v2\/types\/page"}],"author":[{"embeddable":true,"href":"https:\/\/wild-palms.com\/es\/wp-json\/wp\/v2\/users\/1"}],"replies":[{"embeddable":true,"href":"https:\/\/wild-palms.com\/es\/wp-json\/wp\/v2\/comments?post=10406"}],"version-history":[{"count":1,"href":"https:\/\/wild-palms.com\/es\/wp-json\/wp\/v2\/pages\/10406\/revisions"}],"predecessor-version":[{"id":10407,"href":"https:\/\/wild-palms.com\/es\/wp-json\/wp\/v2\/pages\/10406\/revisions\/10407"}],"wp:attachment":[{"href":"https:\/\/wild-palms.com\/es\/wp-json\/wp\/v2\/media?parent=10406"}],"curies":[{"name":"wp","href":"https:\/\/api.w.org\/{rel}","templated":true}]}}